{"id":16,"date":"2018-02-14T11:16:32","date_gmt":"2018-02-14T11:16:32","guid":{"rendered":"http:\/\/podlaskifestiwal.pl\/2025\/?page_id=16"},"modified":"2025-03-26T18:39:14","modified_gmt":"2025-03-26T18:39:14","slug":"o-festiwalu","status":"publish","type":"page","link":"https:\/\/podlaskifestiwal.pl\/2025\/o-festiwalu\/","title":{"rendered":"O festiwalu"},"content":{"rendered":"<p><img loading=\"lazy\" decoding=\"async\" class=\"alignnone size-medium wp-image-11455\" src=\"http:\/\/podlaskifestiwal.pl\/2025\/wp-content\/uploads\/sites\/7\/2025\/03\/LOGO-FESTIWALU1-300x154.jpg\" alt=\"\" width=\"300\" height=\"154\" srcset=\"https:\/\/podlaskifestiwal.pl\/2025\/wp-content\/uploads\/sites\/7\/2025\/03\/LOGO-FESTIWALU1-300x154.jpg 300w, https:\/\/podlaskifestiwal.pl\/2025\/wp-content\/uploads\/sites\/7\/2025\/03\/LOGO-FESTIWALU1-1024x526.jpg 1024w, https:\/\/podlaskifestiwal.pl\/2025\/wp-content\/uploads\/sites\/7\/2025\/03\/LOGO-FESTIWALU1-768x395.jpg 768w, https:\/\/podlaskifestiwal.pl\/2025\/wp-content\/uploads\/sites\/7\/2025\/03\/LOGO-FESTIWALU1.jpg 1296w\" sizes=\"auto, (max-width: 300px) 100vw, 300px\" \/><\/p>\n<p>&nbsp;<\/p>\n<h3>XXI Podlaski Festiwal Nauki i Sztuki odb\u0119dzie si\u0119 w dniach 9-18 maja 2025 r.<\/h3>\n<p>Zapraszamy wszystkich mieszka\u0144c\u00f3w naszego regionu na wielkie \u015bwi\u0119to podlaskich uczelni oraz instytucji popularyzuj\u0105cych nauk\u0119.<\/p>\n<hr>\n<p>Dwudziesta pierwsza edycja Festiwalu odb\u0119dzie si\u0119 pod has\u0142em: \u201e<b>Nie lekcewa\u017ccie nigdy zjawisk, kt\u00f3re wydaj\u0105 wam si\u0119 niezwyk\u0142e. (Zdarza si\u0119, \u017ce pozory myl\u0105 i \u017ce jest to fa\u0142szywy alarm, ale mo\u017ce te\u017c si\u0119 zdarzy\u0107, \u017ce b\u0119dzie to odkrycie jakiej\u015b wa\u017cnej prawdy<\/b>&#8222;), kt\u00f3re upami\u0119tni &nbsp;80 rocznic\u0119 przyznania nagrody Nobla za wynalezienie penicyliny i 70 rocznic\u0119 \u015bmierci <b>Alexandra Fleminga,<\/b>&nbsp;odkrywcy penicyliny i autora cytowanych s\u0142\u00f3w.<\/p>\n<div class=\"entry-content\">\n<p><strong>9 maja pi\u0105tek<\/strong><\/p>\n<ul>\n<li>\n<div data-olk-copy-source=\"MessageBody\">uroczyste otwarcie festiwalu, Aula Magna Pa\u0142acu Branickich, ul Jana Kili\u0144skiego 1, Bia\u0142ystok<\/div>\n<\/li>\n<\/ul>\n<div data-olk-copy-source=\"MessageBody\"><strong>Wyk\u0142ady inauguracyjne wyg\u0142osz\u0105:<\/strong> prof. dr hab. Katarzyna Dzier\u017canowska-Fangrat, mikrobiolog, specjalistka w zakresie leczenia antybiotykami, pt. &#8222;Antybiotyki: od wielkich odkry\u0107 do globalnych problem\u00f3w \u2013 korzy\u015bci zagro\u017cenia&#8221;. Histori\u0119 odkrycia penicyliny i stosowania antybiotyk\u00f3w w Polsce przedstawi za\u015b dr Magdalena Muska\u0142a, kierownik Samodzielnej Pracowni Historii Medycyny i Farmacji Uniwersytetu Medycznego w Bia\u0142ymstoku. <strong>Podczas Inauguracji Festiwalu zostanie przygotowane laboratorium Alexandra Fleminga<\/strong> w uj\u0119ciu historycznym, a podczas Rodzinnego Pikniku Naukowego praktyczne stanowisko mikrobiologiczne, gdzie zaprezentujemy podstawowe metody badania drobnoustroj\u00f3w oraz ich wra\u017cliwo\u015bci na antybiotyki, a tak\u017ce techniki biologii molekularnej wykorzystywane w badaniu oporno\u015bci drobnoustroj\u00f3w na antybiotyki.<\/div>\n<div>Podczas Inauguracji Festiwalu zapraszamy r\u00f3wnie\u017c na <strong>koncert &#8222;Bia\u0142ostocki Project&#8221; zainspirowany muzyk\u0105 dwudziestolecia mi\u0119dzywojennego,<\/strong> okresu, w kt\u00f3rym Alexander Fleming odkry\u0142 penicylin\u0119. Aktorka Alicja Grabowska z zespo\u0142em zaprezentuje mi\u0119dzy innymi utwory Zygmunta Bia\u0142ostockiego, urodzonego w Bia\u0142ymstoku kompozytora popularnych w dwudziestoleciu mi\u0119dzywojennym piosenek, jak r\u00f3wnie\u017c \u015bwiatowe standardy jazzowe z tego okresu.<\/div>\n<\/div>\n<div>&nbsp;<\/div>\n<div><strong>10 maja sobota<\/strong><\/div>\n<ul>\n<li>imprezy festiwalowe w poszczeg\u00f3lnych uczelniach: Akademia Teatralna im. A. Zelwerowicza w Warszawie Filia w Bia\u0142ymstoku<\/li>\n<\/ul>\n<div class=\"entry-content\">\n<p><strong>12 maja poniedzia\u0142ek<\/strong><\/p>\n<ul>\n<li>imprezy festiwalowe w poszczeg\u00f3lnych uczelniach: Politechnika Bia\u0142ostocka<\/li>\n<\/ul>\n<p><strong>13 maja wtorek <\/strong><\/p>\n<ul>\n<li>imprezy festiwalowe w poszczeg\u00f3lnych uczelniach: Akademia \u0141om\u017cy\u0144ska, Uniwersytet Muzyczny Fryderyka Chopina Wydzia\u0142 Instrumentalno-Pedagogiczny, Edukacji Muzycznej i Wokalistyki \u2013 Filia w Bia\u0142ymstoku<\/li>\n<\/ul>\n<p><strong>14 maja \u015broda <\/strong><\/p>\n<ul>\n<li>imprezy festiwalowe w poszczeg\u00f3lnych uczelniach: Uniwersytet Medyczny w Bia\u0142ymstoku, Pa\u0144stwowa Uczelnia Zawodowa w Suwa\u0142kach, Uniwersytet Muzyczny Fryderyka Chopina Wydzia\u0142 Instrumentalno-Pedagogiczny, Edukacji Muzycznej i Wokalistyki \u2013 Filia w Bia\u0142ymstoku<\/li>\n<\/ul>\n<p><strong>15 maja czwartek<\/strong><\/p>\n<ul>\n<li>imprezy festiwalowe w poszczeg\u00f3lnych uczelniach: Uniwersytet w Bia\u0142ymstoku, Wy\u017csza Szko\u0142a Medyczna w Bia\u0142ymstoku, Wschodnieuropejska Akademia Nauk Stosowanych<\/li>\n<\/ul>\n<p><strong>16 maja pi\u0105tek<\/strong><\/p>\n<ul>\n<li>imprezy festiwalowe w Epi- Centrum Nauki Bia\u0142ystok<\/li>\n<\/ul>\n<p><strong>18 maja niedziela <\/strong><\/p>\n<ul>\n<li>Rodzinny Piknik Naukowy na Stadionie Chorten Arena w Bia\u0142ymstoku (ul. S\u0142oneczna 1, godz. 10:00 \u2013 16:00)<\/li>\n<\/ul>\n<\/div>\n<hr>\n<h3>Idea festiwalu<\/h3>\n<p>Podlaski Festiwal Nauki i Sztuki to najwi\u0119ksza, cykliczna impreza w Polsce p\u00f3\u0142nocno-wschodniej, popularyzuj\u0105ca nauk\u0119 i sztuk\u0119. Wydarzenie skierowane jest do szerokiego grona odbiorc\u00f3w, od przedszkolaka do seniora. Nie liczy si\u0119 ani wiek, czy wykszta\u0142cenie uczestnika \u2013 tu cenimy ciekawo\u015b\u0107 \u015bwiata i ch\u0119\u0107 odkrywania jego tajemnic.<\/p>\n<p>Celem Festiwalu jest upowszechnianie nauki i osi\u0105gni\u0119\u0107 naukowc\u00f3w z regionalnych uczelni wy\u017cszych. Chcemy zwr\u00f3ci\u0107 uwag\u0119 na warto\u015b\u0107 i przydatno\u015b\u0107 prowadzonych przez nas bada\u0144, przybli\u017cy\u0107 odbiorcom charakter naszej dzia\u0142alno\u015bci. Wsp\u00f3lnie rozwija\u0107 ciekawo\u015b\u0107 \u015bwiata i czerpa\u0107 rado\u015b\u0107 z jego poznawania. Otwarta formu\u0142a oraz r\u00f3\u017cnorodno\u015b\u0107 imprez festiwalowych pozwala uczestnikom poszerzy\u0107 wiedz\u0119 z zakresu nauk \u015bcis\u0142ych, technicznych, medycznych, przyrodniczych oraz humanistycznych i spo\u0142ecznych.<\/p>\n<p>Imprezy festiwalowe odb\u0119d\u0105 si\u0119 w Bia\u0142ymstoku, \u0141om\u017cy, Suwa\u0142kach i Wilnie. Uczestnicy od kuchni b\u0119d\u0105 mogli pozna\u0107 miejsca na co dzie\u0144 niedost\u0119pne \u2013 laboratoria naukowe i warsztaty pracy naukowc\u00f3w i artyst\u00f3w.<\/p>\n<p>&nbsp;<\/p>\n","protected":false},"excerpt":{"rendered":"<p>&nbsp; XXI Podlaski Festiwal Nauki i Sztuki odb\u0119dzie si\u0119 w dniach 9-18 maja 2025 r. Zapraszamy wszystkich mieszka\u0144c\u00f3w naszego regionu na wielkie \u015bwi\u0119to podlaskich uczelni oraz instytucji popularyzuj\u0105cych nauk\u0119. Dwudziesta pierwsza edycja Festiwalu odb\u0119dzie si\u0119 pod has\u0142em: \u201eNie lekcewa\u017ccie nigdy zjawisk, kt\u00f3re wydaj\u0105 wam si\u0119 niezwyk\u0142e. (Zdarza si\u0119, \u017ce pozory myl\u0105 i \u017ce jest to [&hellip;]<\/p>\n","protected":false},"author":1,"featured_media":0,"parent":0,"menu_order":0,"comment_status":"closed","ping_status":"closed","template":"","meta":{"ngg_post_thumbnail":0,"footnotes":""},"class_list":["post-16","page","type-page","status-publish","hentry"],"yoast_head":"<!-- This site is optimized with the Yoast SEO plugin v27.1.1 - https:\/\/yoast.com\/product\/yoast-seo-wordpress\/ -->\n<title>O festiwalu - XX Podlaski Festiwal Nauki i Sztuki 2025<\/title>\n<meta name=\"robots\" content=\"index, follow, max-snippet:-1, max-image-preview:large, max-video-preview:-1\" \/>\n<link rel=\"canonical\" href=\"https:\/\/podlaskifestiwal.pl\/2025\/o-festiwalu\/\" \/>\n<meta property=\"og:locale\" content=\"pl_PL\" \/>\n<meta property=\"og:type\" content=\"article\" \/>\n<meta property=\"og:title\" content=\"O festiwalu - XX Podlaski Festiwal Nauki i Sztuki 2025\" \/>\n<meta property=\"og:description\" content=\"&nbsp; XXI Podlaski Festiwal Nauki i Sztuki odb\u0119dzie si\u0119 w dniach 9-18 maja 2025 r. Zapraszamy wszystkich mieszka\u0144c\u00f3w naszego regionu na wielkie \u015bwi\u0119to podlaskich uczelni oraz instytucji popularyzuj\u0105cych nauk\u0119. Dwudziesta pierwsza edycja Festiwalu odb\u0119dzie si\u0119 pod has\u0142em: \u201eNie lekcewa\u017ccie nigdy zjawisk, kt\u00f3re wydaj\u0105 wam si\u0119 niezwyk\u0142e. (Zdarza si\u0119, \u017ce pozory myl\u0105 i \u017ce jest to [&hellip;]\" \/>\n<meta property=\"og:url\" content=\"https:\/\/podlaskifestiwal.pl\/2025\/o-festiwalu\/\" \/>\n<meta property=\"og:site_name\" content=\"XX Podlaski Festiwal Nauki i Sztuki 2025\" \/>\n<meta property=\"article:modified_time\" content=\"2025-03-26T18:39:14+00:00\" \/>\n<meta property=\"og:image\" content=\"http:\/\/podlaskifestiwal.pl\/2025\/wp-content\/uploads\/sites\/7\/2025\/03\/LOGO-FESTIWALU1-300x154.jpg\" \/>\n<meta name=\"twitter:card\" content=\"summary_large_image\" \/>\n<meta name=\"twitter:label1\" content=\"Szacowany czas czytania\" \/>\n\t<meta name=\"twitter:data1\" content=\"3 minuty\" \/>\n<script type=\"application\/ld+json\" class=\"yoast-schema-graph\">{\"@context\":\"https:\/\/schema.org\",\"@graph\":[{\"@type\":\"WebPage\",\"@id\":\"https:\/\/podlaskifestiwal.pl\/2025\/o-festiwalu\/\",\"url\":\"https:\/\/podlaskifestiwal.pl\/2025\/o-festiwalu\/\",\"name\":\"O festiwalu - XX Podlaski Festiwal Nauki i Sztuki 2025\",\"isPartOf\":{\"@id\":\"https:\/\/podlaskifestiwal.pl\/2025\/#website\"},\"primaryImageOfPage\":{\"@id\":\"https:\/\/podlaskifestiwal.pl\/2025\/o-festiwalu\/#primaryimage\"},\"image\":{\"@id\":\"https:\/\/podlaskifestiwal.pl\/2025\/o-festiwalu\/#primaryimage\"},\"thumbnailUrl\":\"http:\/\/podlaskifestiwal.pl\/2025\/wp-content\/uploads\/sites\/7\/2025\/03\/LOGO-FESTIWALU1-300x154.jpg\",\"datePublished\":\"2018-02-14T11:16:32+00:00\",\"dateModified\":\"2025-03-26T18:39:14+00:00\",\"breadcrumb\":{\"@id\":\"https:\/\/podlaskifestiwal.pl\/2025\/o-festiwalu\/#breadcrumb\"},\"inLanguage\":\"pl-PL\",\"potentialAction\":[{\"@type\":\"ReadAction\",\"target\":[\"https:\/\/podlaskifestiwal.pl\/2025\/o-festiwalu\/\"]}]},{\"@type\":\"ImageObject\",\"inLanguage\":\"pl-PL\",\"@id\":\"https:\/\/podlaskifestiwal.pl\/2025\/o-festiwalu\/#primaryimage\",\"url\":\"https:\/\/podlaskifestiwal.pl\/2025\/wp-content\/uploads\/sites\/7\/2025\/03\/LOGO-FESTIWALU1.jpg\",\"contentUrl\":\"https:\/\/podlaskifestiwal.pl\/2025\/wp-content\/uploads\/sites\/7\/2025\/03\/LOGO-FESTIWALU1.jpg\",\"width\":1296,\"height\":666},{\"@type\":\"BreadcrumbList\",\"@id\":\"https:\/\/podlaskifestiwal.pl\/2025\/o-festiwalu\/#breadcrumb\",\"itemListElement\":[{\"@type\":\"ListItem\",\"position\":1,\"name\":\"Strona g\u0142\u00f3wna\",\"item\":\"https:\/\/podlaskifestiwal.pl\/2025\/\"},{\"@type\":\"ListItem\",\"position\":2,\"name\":\"O festiwalu\"}]},{\"@type\":\"WebSite\",\"@id\":\"https:\/\/podlaskifestiwal.pl\/2025\/#website\",\"url\":\"https:\/\/podlaskifestiwal.pl\/2025\/\",\"name\":\"XXI Podlaski Festiwal Nauki i Sztuki\",\"description\":\"XXI Podlaski Festiwal Nauki i Sztuki\",\"publisher\":{\"@id\":\"https:\/\/podlaskifestiwal.pl\/2025\/#organization\"},\"potentialAction\":[{\"@type\":\"SearchAction\",\"target\":{\"@type\":\"EntryPoint\",\"urlTemplate\":\"https:\/\/podlaskifestiwal.pl\/2025\/?s={search_term_string}\"},\"query-input\":{\"@type\":\"PropertyValueSpecification\",\"valueRequired\":true,\"valueName\":\"search_term_string\"}}],\"inLanguage\":\"pl-PL\"},{\"@type\":\"Organization\",\"@id\":\"https:\/\/podlaskifestiwal.pl\/2025\/#organization\",\"name\":\"XXI Podlaski Festiwal Nauki i Sztuki\",\"url\":\"https:\/\/podlaskifestiwal.pl\/2025\/\",\"logo\":{\"@type\":\"ImageObject\",\"inLanguage\":\"pl-PL\",\"@id\":\"https:\/\/podlaskifestiwal.pl\/2025\/#\/schema\/logo\/image\/\",\"url\":\"https:\/\/podlaskifestiwal.pl\/2025\/wp-content\/uploads\/sites\/7\/2025\/04\/Baner-Fleming-1.png\",\"contentUrl\":\"https:\/\/podlaskifestiwal.pl\/2025\/wp-content\/uploads\/sites\/7\/2025\/04\/Baner-Fleming-1.png\",\"width\":2400,\"height\":800,\"caption\":\"XXI Podlaski Festiwal Nauki i Sztuki\"},\"image\":{\"@id\":\"https:\/\/podlaskifestiwal.pl\/2025\/#\/schema\/logo\/image\/\"}}]}<\/script>\n<!-- \/ Yoast SEO plugin. -->","yoast_head_json":{"title":"O festiwalu - XX Podlaski Festiwal Nauki i Sztuki 2025","robots":{"index":"index","follow":"follow","max-snippet":"max-snippet:-1","max-image-preview":"max-image-preview:large","max-video-preview":"max-video-preview:-1"},"canonical":"https:\/\/podlaskifestiwal.pl\/2025\/o-festiwalu\/","og_locale":"pl_PL","og_type":"article","og_title":"O festiwalu - XX Podlaski Festiwal Nauki i Sztuki 2025","og_description":"&nbsp; XXI Podlaski Festiwal Nauki i Sztuki odb\u0119dzie si\u0119 w dniach 9-18 maja 2025 r. Zapraszamy wszystkich mieszka\u0144c\u00f3w naszego regionu na wielkie \u015bwi\u0119to podlaskich uczelni oraz instytucji popularyzuj\u0105cych nauk\u0119. Dwudziesta pierwsza edycja Festiwalu odb\u0119dzie si\u0119 pod has\u0142em: \u201eNie lekcewa\u017ccie nigdy zjawisk, kt\u00f3re wydaj\u0105 wam si\u0119 niezwyk\u0142e. (Zdarza si\u0119, \u017ce pozory myl\u0105 i \u017ce jest to [&hellip;]","og_url":"https:\/\/podlaskifestiwal.pl\/2025\/o-festiwalu\/","og_site_name":"XX Podlaski Festiwal Nauki i Sztuki 2025","article_modified_time":"2025-03-26T18:39:14+00:00","og_image":[{"url":"http:\/\/podlaskifestiwal.pl\/2025\/wp-content\/uploads\/sites\/7\/2025\/03\/LOGO-FESTIWALU1-300x154.jpg","type":"","width":"","height":""}],"twitter_card":"summary_large_image","twitter_misc":{"Szacowany czas czytania":"3 minuty"},"schema":{"@context":"https:\/\/schema.org","@graph":[{"@type":"WebPage","@id":"https:\/\/podlaskifestiwal.pl\/2025\/o-festiwalu\/","url":"https:\/\/podlaskifestiwal.pl\/2025\/o-festiwalu\/","name":"O festiwalu - XX Podlaski Festiwal Nauki i Sztuki 2025","isPartOf":{"@id":"https:\/\/podlaskifestiwal.pl\/2025\/#website"},"primaryImageOfPage":{"@id":"https:\/\/podlaskifestiwal.pl\/2025\/o-festiwalu\/#primaryimage"},"image":{"@id":"https:\/\/podlaskifestiwal.pl\/2025\/o-festiwalu\/#primaryimage"},"thumbnailUrl":"http:\/\/podlaskifestiwal.pl\/2025\/wp-content\/uploads\/sites\/7\/2025\/03\/LOGO-FESTIWALU1-300x154.jpg","datePublished":"2018-02-14T11:16:32+00:00","dateModified":"2025-03-26T18:39:14+00:00","breadcrumb":{"@id":"https:\/\/podlaskifestiwal.pl\/2025\/o-festiwalu\/#breadcrumb"},"inLanguage":"pl-PL","potentialAction":[{"@type":"ReadAction","target":["https:\/\/podlaskifestiwal.pl\/2025\/o-festiwalu\/"]}]},{"@type":"ImageObject","inLanguage":"pl-PL","@id":"https:\/\/podlaskifestiwal.pl\/2025\/o-festiwalu\/#primaryimage","url":"https:\/\/podlaskifestiwal.pl\/2025\/wp-content\/uploads\/sites\/7\/2025\/03\/LOGO-FESTIWALU1.jpg","contentUrl":"https:\/\/podlaskifestiwal.pl\/2025\/wp-content\/uploads\/sites\/7\/2025\/03\/LOGO-FESTIWALU1.jpg","width":1296,"height":666},{"@type":"BreadcrumbList","@id":"https:\/\/podlaskifestiwal.pl\/2025\/o-festiwalu\/#breadcrumb","itemListElement":[{"@type":"ListItem","position":1,"name":"Strona g\u0142\u00f3wna","item":"https:\/\/podlaskifestiwal.pl\/2025\/"},{"@type":"ListItem","position":2,"name":"O festiwalu"}]},{"@type":"WebSite","@id":"https:\/\/podlaskifestiwal.pl\/2025\/#website","url":"https:\/\/podlaskifestiwal.pl\/2025\/","name":"XXI Podlaski Festiwal Nauki i Sztuki","description":"XXI Podlaski Festiwal Nauki i Sztuki","publisher":{"@id":"https:\/\/podlaskifestiwal.pl\/2025\/#organization"},"potentialAction":[{"@type":"SearchAction","target":{"@type":"EntryPoint","urlTemplate":"https:\/\/podlaskifestiwal.pl\/2025\/?s={search_term_string}"},"query-input":{"@type":"PropertyValueSpecification","valueRequired":true,"valueName":"search_term_string"}}],"inLanguage":"pl-PL"},{"@type":"Organization","@id":"https:\/\/podlaskifestiwal.pl\/2025\/#organization","name":"XXI Podlaski Festiwal Nauki i Sztuki","url":"https:\/\/podlaskifestiwal.pl\/2025\/","logo":{"@type":"ImageObject","inLanguage":"pl-PL","@id":"https:\/\/podlaskifestiwal.pl\/2025\/#\/schema\/logo\/image\/","url":"https:\/\/podlaskifestiwal.pl\/2025\/wp-content\/uploads\/sites\/7\/2025\/04\/Baner-Fleming-1.png","contentUrl":"https:\/\/podlaskifestiwal.pl\/2025\/wp-content\/uploads\/sites\/7\/2025\/04\/Baner-Fleming-1.png","width":2400,"height":800,"caption":"XXI Podlaski Festiwal Nauki i Sztuki"},"image":{"@id":"https:\/\/podlaskifestiwal.pl\/2025\/#\/schema\/logo\/image\/"}}]}},"_links":{"self":[{"href":"https:\/\/podlaskifestiwal.pl\/2025\/wp-json\/wp\/v2\/pages\/16","targetHints":{"allow":["GET"]}}],"collection":[{"href":"https:\/\/podlaskifestiwal.pl\/2025\/wp-json\/wp\/v2\/pages"}],"about":[{"href":"https:\/\/podlaskifestiwal.pl\/2025\/wp-json\/wp\/v2\/types\/page"}],"author":[{"embeddable":true,"href":"https:\/\/podlaskifestiwal.pl\/2025\/wp-json\/wp\/v2\/users\/1"}],"replies":[{"embeddable":true,"href":"https:\/\/podlaskifestiwal.pl\/2025\/wp-json\/wp\/v2\/comments?post=16"}],"version-history":[{"count":88,"href":"https:\/\/podlaskifestiwal.pl\/2025\/wp-json\/wp\/v2\/pages\/16\/revisions"}],"predecessor-version":[{"id":11492,"href":"https:\/\/podlaskifestiwal.pl\/2025\/wp-json\/wp\/v2\/pages\/16\/revisions\/11492"}],"wp:attachment":[{"href":"https:\/\/podlaskifestiwal.pl\/2025\/wp-json\/wp\/v2\/media?parent=16"}],"curies":[{"name":"wp","href":"https:\/\/api.w.org\/{rel}","templated":true}]}}