{"id":148,"date":"2018-02-28T08:34:26","date_gmt":"2018-02-28T08:34:26","guid":{"rendered":"http:\/\/podlaskifestiwal.pl\/2025\/?page_id=148"},"modified":"2025-04-10T08:38:50","modified_gmt":"2025-04-10T08:38:50","slug":"komitet-organizacyjny","status":"publish","type":"page","link":"https:\/\/podlaskifestiwal.pl\/2025\/o-festiwalu\/komitet-organizacyjny\/","title":{"rendered":"Komitet organizacyjny"},"content":{"rendered":"<p style=\"text-align: center\"><strong>Koordynator g\u0142\u00f3wny<\/strong>: prof. dr hab. Anna Moniuszko-Malinowska<\/p>\n<p style=\"text-align: center\">prodziekan ds. nauki i ewaluacji, Wydzia\u0142 Lekarski z Oddzia\u0142em Stomatologii i Oddzia\u0142em Nauczania w J\u0119zyku Angielskim,&nbsp; Uniwersytet Medyczny w Bia\u0142ymstoku<\/p>\n<p style=\"text-align: center\"><strong>Biuro Festiwalu<\/strong>: <a href=\"mailto:promocja@umb.edu.pl\">Biuro Promocji i Rekrutacji, Uniwersytet Medyczny w Bia\u0142ymstoku<\/a><\/p>\n<p><strong>Cz\u0142onkowie:<\/strong><\/p>\n<ol>\n<li>Uniwersytet Medyczny w Bia\u0142ymstoku: <a href=\"mailto:promocja@umb.edu.pl\" target=\"_blank\" rel=\"noopener\">prof. dr hab. Ludmi\u0142a Marcinowicz<\/a><\/li>\n<li>Uniwersytet Medyczny w Bia\u0142ymstoku: <a href=\"mailto:rzecznik@umb.edu.pl\">mgr Dorota Sawicka<\/a><\/li>\n<li>Uniwersytet w Bia\u0142ymstoku: <a href=\"mailto:aneta@uwb.edu.pl\">dr hab. Aneta Petelska, prof. UWB<\/a><\/li>\n<li>Politechnika Bia\u0142ostocka: <a href=\"mailto:m.kochanowicz@pb.edu.pl\" target=\"_blank\" rel=\"noopener\">prof. dr hab. in\u017c. Marcin Kochanowicz<\/a><\/li>\n<li>Uniwersytet Muzyczny Fryderyka Chopina Wydzia\u0142 Instrumentalno-Pedagogiczny, Edukacji Muzycznej i Wokalistyki \u2013 Filia w Bia\u0142ymstoku: <a href=\"mailto:Joanna.cieslik-klauza@chopin.edu.pl\" target=\"_blank\" rel=\"noopener\">dr hab. Joanna Cieslik-Klauza, <\/a><a href=\"ewa.rafalko@chopin.edu.pl\">dr hab. Ewa Rafalko<\/a><\/li>\n<li>Akademia Teatralna im. Aleksandra Zelwerowicza w Warszawie, Filia w Bia\u0142ymstoku: <a href=\"mailto:magdalena.wieremiejuk@e-at.edu.pl\">mgr Magdalena Wieremiejuk<\/a><\/li>\n<li>Akademia Podlaska &#8211; Akademia Nauk Stosowanych: <a href=\"mailto:smolskiw@wp.pl\" target=\"_blank\" rel=\"noopener\">dr Wies\u0142aw Smolski<\/a><\/li>\n<li>Akademia \u0141om\u017cy\u0144ska: <a href=\"mailto:elichomskamilewska@al.edu.pl\">dr Edyta Lichomska-Milewska<\/a><\/li>\n<li>Pa\u0144stwowa Uczelnia Zawodowa im. prof. Edwarda F. Szczepanika w Suwa\u0142kach: <a href=\"mailto:rzecznik@puz.suwalki.pl\" target=\"_blank\" rel=\"noopener\">mgr Dawid Harasim<\/a><\/li>\n<li>Wschodnioeuropejska Akademia Nauk Stosowanych w Bia\u0142ymstoku: <a href=\"mailto:sylwester.pilipczuk@wsfiz.edu.pl\" target=\"_blank\" rel=\"noopener\">mgr Sylwester Pilipczuk<\/a><\/li>\n<li>Wy\u017csza Szko\u0142a Ekonomiczna w Bia\u0142ymstoku: <a href=\"mailto:monika.szewczul@wse.edu.pl\">mgr Monika Szewczul<\/a><\/li>\n<li>Wy\u017csza Szko\u0142a Medyczna w Bia\u0142ymstoku: <a href=\"mailto:e.baranczuk@wsmed.pl\" target=\"_blank\" rel=\"noopener\">dr El\u017cbieta Bara\u0144czuk<\/a><\/li>\n<li>Epi-Centrum Nauki BPNT w Bia\u0142ymstoku: <a href=\"mailto:m.jurzysta@bpnt.bialystok.pl\" target=\"_blank\" rel=\"noopener\">mgr Marek Jurzysta<\/a><\/li>\n<\/ol>\n","protected":false},"excerpt":{"rendered":"<p>Koordynator g\u0142\u00f3wny: prof. dr hab. Anna Moniuszko-Malinowska prodziekan ds. nauki i ewaluacji, Wydzia\u0142 Lekarski z Oddzia\u0142em Stomatologii i Oddzia\u0142em Nauczania w J\u0119zyku Angielskim,&nbsp; Uniwersytet Medyczny w Bia\u0142ymstoku Biuro Festiwalu: Biuro Promocji i Rekrutacji, Uniwersytet Medyczny w Bia\u0142ymstoku Cz\u0142onkowie: Uniwersytet Medyczny w Bia\u0142ymstoku: prof. dr hab. Ludmi\u0142a Marcinowicz Uniwersytet Medyczny w Bia\u0142ymstoku: mgr Dorota Sawicka Uniwersytet [&hellip;]<\/p>\n","protected":false},"author":1,"featured_media":0,"parent":16,"menu_order":0,"comment_status":"closed","ping_status":"closed","template":"","meta":{"ngg_post_thumbnail":0,"footnotes":""},"class_list":["post-148","page","type-page","status-publish","hentry"],"yoast_head":"<!-- This site is optimized with the Yoast SEO plugin v27.1.1 - https:\/\/yoast.com\/product\/yoast-seo-wordpress\/ -->\n<title>Komitet organizacyjny - XX Podlaski Festiwal Nauki i Sztuki 2025<\/title>\n<meta name=\"robots\" content=\"index, follow, max-snippet:-1, max-image-preview:large, max-video-preview:-1\" \/>\n<link rel=\"canonical\" href=\"https:\/\/podlaskifestiwal.pl\/2025\/o-festiwalu\/komitet-organizacyjny\/\" \/>\n<meta property=\"og:locale\" content=\"pl_PL\" \/>\n<meta property=\"og:type\" content=\"article\" \/>\n<meta property=\"og:title\" content=\"Komitet organizacyjny - XX Podlaski Festiwal Nauki i Sztuki 2025\" \/>\n<meta property=\"og:description\" content=\"Koordynator g\u0142\u00f3wny: prof. dr hab. Anna Moniuszko-Malinowska prodziekan ds. nauki i ewaluacji, Wydzia\u0142 Lekarski z Oddzia\u0142em Stomatologii i Oddzia\u0142em Nauczania w J\u0119zyku Angielskim,&nbsp; Uniwersytet Medyczny w Bia\u0142ymstoku Biuro Festiwalu: Biuro Promocji i Rekrutacji, Uniwersytet Medyczny w Bia\u0142ymstoku Cz\u0142onkowie: Uniwersytet Medyczny w Bia\u0142ymstoku: prof. dr hab. Ludmi\u0142a Marcinowicz Uniwersytet Medyczny w Bia\u0142ymstoku: mgr Dorota Sawicka Uniwersytet [&hellip;]\" \/>\n<meta property=\"og:url\" content=\"https:\/\/podlaskifestiwal.pl\/2025\/o-festiwalu\/komitet-organizacyjny\/\" \/>\n<meta property=\"og:site_name\" content=\"XX Podlaski Festiwal Nauki i Sztuki 2025\" \/>\n<meta property=\"article:modified_time\" content=\"2025-04-10T08:38:50+00:00\" \/>\n<meta name=\"twitter:card\" content=\"summary_large_image\" \/>\n<meta name=\"twitter:label1\" content=\"Szacowany czas czytania\" \/>\n\t<meta name=\"twitter:data1\" content=\"1 minuta\" \/>\n<script type=\"application\/ld+json\" class=\"yoast-schema-graph\">{\"@context\":\"https:\/\/schema.org\",\"@graph\":[{\"@type\":\"WebPage\",\"@id\":\"https:\/\/podlaskifestiwal.pl\/2025\/o-festiwalu\/komitet-organizacyjny\/\",\"url\":\"https:\/\/podlaskifestiwal.pl\/2025\/o-festiwalu\/komitet-organizacyjny\/\",\"name\":\"Komitet organizacyjny - XX Podlaski Festiwal Nauki i Sztuki 2025\",\"isPartOf\":{\"@id\":\"https:\/\/podlaskifestiwal.pl\/2025\/#website\"},\"datePublished\":\"2018-02-28T08:34:26+00:00\",\"dateModified\":\"2025-04-10T08:38:50+00:00\",\"breadcrumb\":{\"@id\":\"https:\/\/podlaskifestiwal.pl\/2025\/o-festiwalu\/komitet-organizacyjny\/#breadcrumb\"},\"inLanguage\":\"pl-PL\",\"potentialAction\":[{\"@type\":\"ReadAction\",\"target\":[\"https:\/\/podlaskifestiwal.pl\/2025\/o-festiwalu\/komitet-organizacyjny\/\"]}]},{\"@type\":\"BreadcrumbList\",\"@id\":\"https:\/\/podlaskifestiwal.pl\/2025\/o-festiwalu\/komitet-organizacyjny\/#breadcrumb\",\"itemListElement\":[{\"@type\":\"ListItem\",\"position\":1,\"name\":\"Strona g\u0142\u00f3wna\",\"item\":\"https:\/\/podlaskifestiwal.pl\/2025\/\"},{\"@type\":\"ListItem\",\"position\":2,\"name\":\"O festiwalu\",\"item\":\"https:\/\/podlaskifestiwal.pl\/2025\/o-festiwalu\/\"},{\"@type\":\"ListItem\",\"position\":3,\"name\":\"Komitet organizacyjny\"}]},{\"@type\":\"WebSite\",\"@id\":\"https:\/\/podlaskifestiwal.pl\/2025\/#website\",\"url\":\"https:\/\/podlaskifestiwal.pl\/2025\/\",\"name\":\"XXI Podlaski Festiwal Nauki i Sztuki\",\"description\":\"XXI Podlaski Festiwal Nauki i Sztuki\",\"publisher\":{\"@id\":\"https:\/\/podlaskifestiwal.pl\/2025\/#organization\"},\"potentialAction\":[{\"@type\":\"SearchAction\",\"target\":{\"@type\":\"EntryPoint\",\"urlTemplate\":\"https:\/\/podlaskifestiwal.pl\/2025\/?s={search_term_string}\"},\"query-input\":{\"@type\":\"PropertyValueSpecification\",\"valueRequired\":true,\"valueName\":\"search_term_string\"}}],\"inLanguage\":\"pl-PL\"},{\"@type\":\"Organization\",\"@id\":\"https:\/\/podlaskifestiwal.pl\/2025\/#organization\",\"name\":\"XXI Podlaski Festiwal Nauki i Sztuki\",\"url\":\"https:\/\/podlaskifestiwal.pl\/2025\/\",\"logo\":{\"@type\":\"ImageObject\",\"inLanguage\":\"pl-PL\",\"@id\":\"https:\/\/podlaskifestiwal.pl\/2025\/#\/schema\/logo\/image\/\",\"url\":\"https:\/\/podlaskifestiwal.pl\/2025\/wp-content\/uploads\/sites\/7\/2025\/04\/Baner-Fleming-1.png\",\"contentUrl\":\"https:\/\/podlaskifestiwal.pl\/2025\/wp-content\/uploads\/sites\/7\/2025\/04\/Baner-Fleming-1.png\",\"width\":2400,\"height\":800,\"caption\":\"XXI Podlaski Festiwal Nauki i Sztuki\"},\"image\":{\"@id\":\"https:\/\/podlaskifestiwal.pl\/2025\/#\/schema\/logo\/image\/\"}}]}<\/script>\n<!-- \/ Yoast SEO plugin. -->","yoast_head_json":{"title":"Komitet organizacyjny - XX Podlaski Festiwal Nauki i Sztuki 2025","robots":{"index":"index","follow":"follow","max-snippet":"max-snippet:-1","max-image-preview":"max-image-preview:large","max-video-preview":"max-video-preview:-1"},"canonical":"https:\/\/podlaskifestiwal.pl\/2025\/o-festiwalu\/komitet-organizacyjny\/","og_locale":"pl_PL","og_type":"article","og_title":"Komitet organizacyjny - XX Podlaski Festiwal Nauki i Sztuki 2025","og_description":"Koordynator g\u0142\u00f3wny: prof. dr hab. Anna Moniuszko-Malinowska prodziekan ds. nauki i ewaluacji, Wydzia\u0142 Lekarski z Oddzia\u0142em Stomatologii i Oddzia\u0142em Nauczania w J\u0119zyku Angielskim,&nbsp; Uniwersytet Medyczny w Bia\u0142ymstoku Biuro Festiwalu: Biuro Promocji i Rekrutacji, Uniwersytet Medyczny w Bia\u0142ymstoku Cz\u0142onkowie: Uniwersytet Medyczny w Bia\u0142ymstoku: prof. dr hab. Ludmi\u0142a Marcinowicz Uniwersytet Medyczny w Bia\u0142ymstoku: mgr Dorota Sawicka Uniwersytet [&hellip;]","og_url":"https:\/\/podlaskifestiwal.pl\/2025\/o-festiwalu\/komitet-organizacyjny\/","og_site_name":"XX Podlaski Festiwal Nauki i Sztuki 2025","article_modified_time":"2025-04-10T08:38:50+00:00","twitter_card":"summary_large_image","twitter_misc":{"Szacowany czas czytania":"1 minuta"},"schema":{"@context":"https:\/\/schema.org","@graph":[{"@type":"WebPage","@id":"https:\/\/podlaskifestiwal.pl\/2025\/o-festiwalu\/komitet-organizacyjny\/","url":"https:\/\/podlaskifestiwal.pl\/2025\/o-festiwalu\/komitet-organizacyjny\/","name":"Komitet organizacyjny - XX Podlaski Festiwal Nauki i Sztuki 2025","isPartOf":{"@id":"https:\/\/podlaskifestiwal.pl\/2025\/#website"},"datePublished":"2018-02-28T08:34:26+00:00","dateModified":"2025-04-10T08:38:50+00:00","breadcrumb":{"@id":"https:\/\/podlaskifestiwal.pl\/2025\/o-festiwalu\/komitet-organizacyjny\/#breadcrumb"},"inLanguage":"pl-PL","potentialAction":[{"@type":"ReadAction","target":["https:\/\/podlaskifestiwal.pl\/2025\/o-festiwalu\/komitet-organizacyjny\/"]}]},{"@type":"BreadcrumbList","@id":"https:\/\/podlaskifestiwal.pl\/2025\/o-festiwalu\/komitet-organizacyjny\/#breadcrumb","itemListElement":[{"@type":"ListItem","position":1,"name":"Strona g\u0142\u00f3wna","item":"https:\/\/podlaskifestiwal.pl\/2025\/"},{"@type":"ListItem","position":2,"name":"O festiwalu","item":"https:\/\/podlaskifestiwal.pl\/2025\/o-festiwalu\/"},{"@type":"ListItem","position":3,"name":"Komitet organizacyjny"}]},{"@type":"WebSite","@id":"https:\/\/podlaskifestiwal.pl\/2025\/#website","url":"https:\/\/podlaskifestiwal.pl\/2025\/","name":"XXI Podlaski Festiwal Nauki i Sztuki","description":"XXI Podlaski Festiwal Nauki i Sztuki","publisher":{"@id":"https:\/\/podlaskifestiwal.pl\/2025\/#organization"},"potentialAction":[{"@type":"SearchAction","target":{"@type":"EntryPoint","urlTemplate":"https:\/\/podlaskifestiwal.pl\/2025\/?s={search_term_string}"},"query-input":{"@type":"PropertyValueSpecification","valueRequired":true,"valueName":"search_term_string"}}],"inLanguage":"pl-PL"},{"@type":"Organization","@id":"https:\/\/podlaskifestiwal.pl\/2025\/#organization","name":"XXI Podlaski Festiwal Nauki i Sztuki","url":"https:\/\/podlaskifestiwal.pl\/2025\/","logo":{"@type":"ImageObject","inLanguage":"pl-PL","@id":"https:\/\/podlaskifestiwal.pl\/2025\/#\/schema\/logo\/image\/","url":"https:\/\/podlaskifestiwal.pl\/2025\/wp-content\/uploads\/sites\/7\/2025\/04\/Baner-Fleming-1.png","contentUrl":"https:\/\/podlaskifestiwal.pl\/2025\/wp-content\/uploads\/sites\/7\/2025\/04\/Baner-Fleming-1.png","width":2400,"height":800,"caption":"XXI Podlaski Festiwal Nauki i Sztuki"},"image":{"@id":"https:\/\/podlaskifestiwal.pl\/2025\/#\/schema\/logo\/image\/"}}]}},"_links":{"self":[{"href":"https:\/\/podlaskifestiwal.pl\/2025\/wp-json\/wp\/v2\/pages\/148","targetHints":{"allow":["GET"]}}],"collection":[{"href":"https:\/\/podlaskifestiwal.pl\/2025\/wp-json\/wp\/v2\/pages"}],"about":[{"href":"https:\/\/podlaskifestiwal.pl\/2025\/wp-json\/wp\/v2\/types\/page"}],"author":[{"embeddable":true,"href":"https:\/\/podlaskifestiwal.pl\/2025\/wp-json\/wp\/v2\/users\/1"}],"replies":[{"embeddable":true,"href":"https:\/\/podlaskifestiwal.pl\/2025\/wp-json\/wp\/v2\/comments?post=148"}],"version-history":[{"count":60,"href":"https:\/\/podlaskifestiwal.pl\/2025\/wp-json\/wp\/v2\/pages\/148\/revisions"}],"predecessor-version":[{"id":12214,"href":"https:\/\/podlaskifestiwal.pl\/2025\/wp-json\/wp\/v2\/pages\/148\/revisions\/12214"}],"up":[{"embeddable":true,"href":"https:\/\/podlaskifestiwal.pl\/2025\/wp-json\/wp\/v2\/pages\/16"}],"wp:attachment":[{"href":"https:\/\/podlaskifestiwal.pl\/2025\/wp-json\/wp\/v2\/media?parent=148"}],"curies":[{"name":"wp","href":"https:\/\/api.w.org\/{rel}","templated":true}]}}