{"version":"1.0","provider_name":"XX Podlaski Festiwal Nauki i Sztuki 2025","provider_url":"https:\/\/podlaskifestiwal.pl\/2025","author_name":"kzaglobauwb","author_url":"https:\/\/podlaskifestiwal.pl\/2025\/author\/kzaglobauwb\/","title":"Dzie\u0144 Kultury - WYKLEJ S\u0141OWO (kreatywne kola\u017ce i poezja) - XX Podlaski Festiwal Nauki i Sztuki 2025","type":"rich","width":600,"height":338,"html":"<blockquote class=\"wp-embedded-content\" data-secret=\"2uuOzPtgEY\"><a href=\"https:\/\/podlaskifestiwal.pl\/2025\/imprezy\/wyklej-slowo-kreatywne-kolaze-i-poezja\/\">Dzie\u0144 Kultury &#8211; WYKLEJ S\u0141OWO (kreatywne kola\u017ce i poezja)<\/a><\/blockquote><iframe sandbox=\"allow-scripts\" security=\"restricted\" src=\"https:\/\/podlaskifestiwal.pl\/2025\/imprezy\/wyklej-slowo-kreatywne-kolaze-i-poezja\/embed\/#?secret=2uuOzPtgEY\" width=\"600\" height=\"338\" title=\"&#8222;Dzie\u0144 Kultury &#8211; WYKLEJ S\u0141OWO (kreatywne kola\u017ce i poezja)&#8221; &#8212; XX Podlaski Festiwal Nauki i Sztuki 2025\" data-secret=\"2uuOzPtgEY\" frameborder=\"0\" marginwidth=\"0\" marginheight=\"0\" scrolling=\"no\" class=\"wp-embedded-content\"><\/iframe><script type=\"text\/javascript\">\n\/* <![CDATA[ *\/\n\/*! This file is auto-generated *\/\n!function(d,l){\"use strict\";l.querySelector&&d.addEventListener&&\"undefined\"!=typeof URL&&(d.wp=d.wp||{},d.wp.receiveEmbedMessage||(d.wp.receiveEmbedMessage=function(e){var t=e.data;if((t||t.secret||t.message||t.value)&&!\/[^a-zA-Z0-9]\/.test(t.secret)){for(var s,r,n,a=l.querySelectorAll('iframe[data-secret=\"'+t.secret+'\"]'),o=l.querySelectorAll('blockquote[data-secret=\"'+t.secret+'\"]'),c=new RegExp(\"^https?:$\",\"i\"),i=0;i<o.length;i++)o[i].style.display=\"none\";for(i=0;i<a.length;i++)s=a[i],e.source===s.contentWindow&&(s.removeAttribute(\"style\"),\"height\"===t.message?(1e3<(r=parseInt(t.value,10))?r=1e3:~~r<200&&(r=200),s.height=r):\"link\"===t.message&&(r=new URL(s.getAttribute(\"src\")),n=new URL(t.value),c.test(n.protocol))&&n.host===r.host&&l.activeElement===s&&(d.top.location.href=t.value))}},d.addEventListener(\"message\",d.wp.receiveEmbedMessage,!1),l.addEventListener(\"DOMContentLoaded\",function(){for(var e,t,s=l.querySelectorAll(\"iframe.wp-embedded-content\"),r=0;r<s.length;r++)(t=(e=s[r]).getAttribute(\"data-secret\"))||(t=Math.random().toString(36).substring(2,12),e.src+=\"#?secret=\"+t,e.setAttribute(\"data-secret\",t)),e.contentWindow.postMessage({message:\"ready\",secret:t},\"*\")},!1)))}(window,document);\n\/\/# sourceURL=https:\/\/podlaskifestiwal.pl\/2025\/wp-includes\/js\/wp-embed.min.js\n\/* ]]> *\/\n<\/script>\n","description":"Studenckie Ko\u0142o Naukowe Klub Humanist\u00f3w zaprasza na wyj\u0105tkowe prze\u017cycie, podczas kt\u00f3rego s\u0142owa stan\u0105 si\u0119 Twoimi narz\u0119dziami do tw\u00f3rczego wyra\u017cania siebie! &#8222;Wyklej s\u0142owo&#8221; to warsztaty, w czasie kt\u00f3rych stworzysz swoje w\u0142asne kola\u017ce w formie wierszy. Spotkamy si\u0119 w kreatywnej przestrzeni, pe\u0142nej inspiruj\u0105cych materia\u0142\u00f3w i pomys\u0142\u00f3w, by odkry\u0107, jak s\u0142owa mog\u0105 uk\u0142ada\u0107 si\u0119 w zaskakuj\u0105ce kompozycje. Podczas [&hellip;]"}