{"version":"1.0","provider_name":"XX Podlaski Festiwal Nauki i Sztuki 2025","provider_url":"https:\/\/podlaskifestiwal.pl\/2025","author_name":"joannacieslikklauza","author_url":"https:\/\/podlaskifestiwal.pl\/2025\/author\/joannacieslikklauza\/","title":"Spektakl TraLaLa czyli w kr\u0119gu polskiej liryki wokalnej - XX Podlaski Festiwal Nauki i Sztuki 2025","type":"rich","width":600,"height":338,"html":"<blockquote class=\"wp-embedded-content\" data-secret=\"kIbmGrExPV\"><a href=\"https:\/\/podlaskifestiwal.pl\/2025\/imprezy\/spektakl-tralala-czyli-w-kregu-polskiej-liryki-wokalnej\/\">Spektakl TraLaLa czyli w kr\u0119gu polskiej liryki wokalnej<\/a><\/blockquote><iframe sandbox=\"allow-scripts\" security=\"restricted\" src=\"https:\/\/podlaskifestiwal.pl\/2025\/imprezy\/spektakl-tralala-czyli-w-kregu-polskiej-liryki-wokalnej\/embed\/#?secret=kIbmGrExPV\" width=\"600\" height=\"338\" title=\"&#8222;Spektakl TraLaLa czyli w kr\u0119gu polskiej liryki wokalnej&#8221; &#8212; XX Podlaski Festiwal Nauki i Sztuki 2025\" data-secret=\"kIbmGrExPV\" frameborder=\"0\" marginwidth=\"0\" marginheight=\"0\" scrolling=\"no\" class=\"wp-embedded-content\"><\/iframe><script type=\"text\/javascript\">\n\/* <![CDATA[ *\/\n\/*! This file is auto-generated *\/\n!function(d,l){\"use strict\";l.querySelector&&d.addEventListener&&\"undefined\"!=typeof URL&&(d.wp=d.wp||{},d.wp.receiveEmbedMessage||(d.wp.receiveEmbedMessage=function(e){var t=e.data;if((t||t.secret||t.message||t.value)&&!\/[^a-zA-Z0-9]\/.test(t.secret)){for(var s,r,n,a=l.querySelectorAll('iframe[data-secret=\"'+t.secret+'\"]'),o=l.querySelectorAll('blockquote[data-secret=\"'+t.secret+'\"]'),c=new RegExp(\"^https?:$\",\"i\"),i=0;i<o.length;i++)o[i].style.display=\"none\";for(i=0;i<a.length;i++)s=a[i],e.source===s.contentWindow&&(s.removeAttribute(\"style\"),\"height\"===t.message?(1e3<(r=parseInt(t.value,10))?r=1e3:~~r<200&&(r=200),s.height=r):\"link\"===t.message&&(r=new URL(s.getAttribute(\"src\")),n=new URL(t.value),c.test(n.protocol))&&n.host===r.host&&l.activeElement===s&&(d.top.location.href=t.value))}},d.addEventListener(\"message\",d.wp.receiveEmbedMessage,!1),l.addEventListener(\"DOMContentLoaded\",function(){for(var e,t,s=l.querySelectorAll(\"iframe.wp-embedded-content\"),r=0;r<s.length;r++)(t=(e=s[r]).getAttribute(\"data-secret\"))||(t=Math.random().toString(36).substring(2,12),e.src+=\"#?secret=\"+t,e.setAttribute(\"data-secret\",t)),e.contentWindow.postMessage({message:\"ready\",secret:t},\"*\")},!1)))}(window,document);\n\/\/# sourceURL=https:\/\/podlaskifestiwal.pl\/2025\/wp-includes\/js\/wp-embed.min.js\n\/* ]]> *\/\n<\/script>\n","description":"Inscenizowany koncert pie\u015bni w wykonaniu studentek i student\u00f3w Wydzia\u0142u Instrumentalno \u2013 Pedagogicznego, Edukacji Muzycznej i Wokalistyki Uniwersytetu Muzycznego Fryderyka Chopina, Filii w Bia\u0142ymstoku Scenariusz i re\u017cyseria: Pawe\u0142 Chomczyk Choreografia: Karolina Garbacik Piani\u015bci, korepetytorzy: Anna Krzysztofik \u2013 Buczy\u0144ska, Krzysztof Kiercul Kierownictwo wokalne: Cezary Szyfman Kierownictwo projektu: Marta Wr\u00f3blewska Wyst\u0119puj\u0105: Rafa\u0142 Bury, Grzegorz Ciulkin, Aleksandra Golombek, Karolina [&hellip;]"}