{"version":"1.0","provider_name":"XX Podlaski Festiwal Nauki i Sztuki 2025","provider_url":"https:\/\/podlaskifestiwal.pl\/2025","author_name":"mzinczukuwb","author_url":"https:\/\/podlaskifestiwal.pl\/2025\/author\/mzinczukuwb\/","title":"Milenium koronacji \u2013 Boles\u0142aw Chrobry i jego dziedzictwo - XX Podlaski Festiwal Nauki i Sztuki 2025","type":"rich","width":600,"height":338,"html":"<blockquote class=\"wp-embedded-content\" data-secret=\"2OV5LzHbXe\"><a href=\"https:\/\/podlaskifestiwal.pl\/2025\/imprezy\/milenium-koronacji-boleslaw-chrobry-i-jego-dziedzictwo\/\">Milenium koronacji \u2013 Boles\u0142aw Chrobry i jego dziedzictwo<\/a><\/blockquote><iframe sandbox=\"allow-scripts\" security=\"restricted\" src=\"https:\/\/podlaskifestiwal.pl\/2025\/imprezy\/milenium-koronacji-boleslaw-chrobry-i-jego-dziedzictwo\/embed\/#?secret=2OV5LzHbXe\" width=\"600\" height=\"338\" title=\"&#8222;Milenium koronacji \u2013 Boles\u0142aw Chrobry i jego dziedzictwo&#8221; &#8212; XX Podlaski Festiwal Nauki i Sztuki 2025\" data-secret=\"2OV5LzHbXe\" frameborder=\"0\" marginwidth=\"0\" marginheight=\"0\" scrolling=\"no\" class=\"wp-embedded-content\"><\/iframe><script type=\"text\/javascript\">\n\/* <![CDATA[ *\/\n\/*! This file is auto-generated *\/\n!function(d,l){\"use strict\";l.querySelector&&d.addEventListener&&\"undefined\"!=typeof URL&&(d.wp=d.wp||{},d.wp.receiveEmbedMessage||(d.wp.receiveEmbedMessage=function(e){var t=e.data;if((t||t.secret||t.message||t.value)&&!\/[^a-zA-Z0-9]\/.test(t.secret)){for(var s,r,n,a=l.querySelectorAll('iframe[data-secret=\"'+t.secret+'\"]'),o=l.querySelectorAll('blockquote[data-secret=\"'+t.secret+'\"]'),c=new RegExp(\"^https?:$\",\"i\"),i=0;i<o.length;i++)o[i].style.display=\"none\";for(i=0;i<a.length;i++)s=a[i],e.source===s.contentWindow&&(s.removeAttribute(\"style\"),\"height\"===t.message?(1e3<(r=parseInt(t.value,10))?r=1e3:~~r<200&&(r=200),s.height=r):\"link\"===t.message&&(r=new URL(s.getAttribute(\"src\")),n=new URL(t.value),c.test(n.protocol))&&n.host===r.host&&l.activeElement===s&&(d.top.location.href=t.value))}},d.addEventListener(\"message\",d.wp.receiveEmbedMessage,!1),l.addEventListener(\"DOMContentLoaded\",function(){for(var e,t,s=l.querySelectorAll(\"iframe.wp-embedded-content\"),r=0;r<s.length;r++)(t=(e=s[r]).getAttribute(\"data-secret\"))||(t=Math.random().toString(36).substring(2,12),e.src+=\"#?secret=\"+t,e.setAttribute(\"data-secret\",t)),e.contentWindow.postMessage({message:\"ready\",secret:t},\"*\")},!1)))}(window,document);\n\/\/# sourceURL=https:\/\/podlaskifestiwal.pl\/2025\/wp-includes\/js\/wp-embed.min.js\n\/* ]]> *\/\n<\/script>\n","description":"Milenium koronacji \u2013 Boles\u0142aw Chrobry i jego dziedzictwo to wyj\u0105tkowe wydarzenie upami\u0119tniaj\u0105ce 1000-lecie koronacji pierwszego kr\u00f3la Polski. Impreza ma na celu przybli\u017cenie postaci Boles\u0142awa Chrobrego oraz jego wk\u0142adu w kszta\u0142towanie polskiej pa\u0144stwowo\u015bci i kultury. Uczestnicy b\u0119d\u0105 mieli okazj\u0119 zetkn\u0105\u0107 si\u0119 bezpo\u015brednio z \u201e\u017cyw\u0105 histori\u0105\u201d, poznaj\u0105c wiele ciekawostek ze \u015bredniowiecza. Wydarzenie to b\u0119dzie okazj\u0105 do uczczenia [&hellip;]"}