{"version":"1.0","provider_name":"XX Podlaski Festiwal Nauki i Sztuki 2025","provider_url":"https:\/\/podlaskifestiwal.pl\/2025","author_name":"matwiejuwb","author_url":"https:\/\/podlaskifestiwal.pl\/2025\/author\/matwiejuwb\/","title":"Co si\u0119 dzieje z raf\u0105 koralow\u0105? - XX Podlaski Festiwal Nauki i Sztuki 2025","type":"rich","width":600,"height":338,"html":"<blockquote class=\"wp-embedded-content\" data-secret=\"veaHv3YNT7\"><a href=\"https:\/\/podlaskifestiwal.pl\/2025\/imprezy\/co-sie-dzieje-z-rafa-koralowa\/\">Co si\u0119 dzieje z raf\u0105 koralow\u0105?<\/a><\/blockquote><iframe sandbox=\"allow-scripts\" security=\"restricted\" src=\"https:\/\/podlaskifestiwal.pl\/2025\/imprezy\/co-sie-dzieje-z-rafa-koralowa\/embed\/#?secret=veaHv3YNT7\" width=\"600\" height=\"338\" title=\"&#8222;Co si\u0119 dzieje z raf\u0105 koralow\u0105?&#8221; &#8212; XX Podlaski Festiwal Nauki i Sztuki 2025\" data-secret=\"veaHv3YNT7\" frameborder=\"0\" marginwidth=\"0\" marginheight=\"0\" scrolling=\"no\" class=\"wp-embedded-content\"><\/iframe><script type=\"text\/javascript\">\n\/* <![CDATA[ *\/\n\/*! This file is auto-generated *\/\n!function(d,l){\"use strict\";l.querySelector&&d.addEventListener&&\"undefined\"!=typeof URL&&(d.wp=d.wp||{},d.wp.receiveEmbedMessage||(d.wp.receiveEmbedMessage=function(e){var t=e.data;if((t||t.secret||t.message||t.value)&&!\/[^a-zA-Z0-9]\/.test(t.secret)){for(var s,r,n,a=l.querySelectorAll('iframe[data-secret=\"'+t.secret+'\"]'),o=l.querySelectorAll('blockquote[data-secret=\"'+t.secret+'\"]'),c=new RegExp(\"^https?:$\",\"i\"),i=0;i<o.length;i++)o[i].style.display=\"none\";for(i=0;i<a.length;i++)s=a[i],e.source===s.contentWindow&&(s.removeAttribute(\"style\"),\"height\"===t.message?(1e3<(r=parseInt(t.value,10))?r=1e3:~~r<200&&(r=200),s.height=r):\"link\"===t.message&&(r=new URL(s.getAttribute(\"src\")),n=new URL(t.value),c.test(n.protocol))&&n.host===r.host&&l.activeElement===s&&(d.top.location.href=t.value))}},d.addEventListener(\"message\",d.wp.receiveEmbedMessage,!1),l.addEventListener(\"DOMContentLoaded\",function(){for(var e,t,s=l.querySelectorAll(\"iframe.wp-embedded-content\"),r=0;r<s.length;r++)(t=(e=s[r]).getAttribute(\"data-secret\"))||(t=Math.random().toString(36).substring(2,12),e.src+=\"#?secret=\"+t,e.setAttribute(\"data-secret\",t)),e.contentWindow.postMessage({message:\"ready\",secret:t},\"*\")},!1)))}(window,document);\n\/\/# sourceURL=https:\/\/podlaskifestiwal.pl\/2025\/wp-includes\/js\/wp-embed.min.js\n\/* ]]> *\/\n<\/script>\n","description":"Czy zastanawiali\u015bcie si\u0119, czy najwi\u0119kszy na \u015bwiecie \u017cywy ekosystem, jakim jest rafa koralowa, jest dzisiaj bezpieczny? Zaj\u0119cia na wystawie \u201eFauna m\u00f3rz podzwrotnikowych\u201d pozwol\u0105 Wam doceni\u0107 bogactwo tego niezwyk\u0142ego ekosystemu (bior\u00f3\u017cnorodno\u015b\u0107 ryb, parzyde\u0142kowc\u00f3w, g\u0105bek, skorupiak\u00f3w, szkar\u0142upni i mi\u0119czak\u00f3w) i zastanowi\u0107 si\u0119 jakie problemy zwi\u0105zane z globalnym ociepleniem klimatu dotykaj\u0105 rafy koralowe, kt\u00f3re stoj\u0105 w obliczu kolejnego [&hellip;]"}